{"id":16205,"date":"2026-04-14T14:24:28","date_gmt":"2026-04-14T12:24:28","guid":{"rendered":"https:\/\/chateau-formont.com\/?page_id=16205"},"modified":"2026-04-20T14:39:03","modified_gmt":"2026-04-20T12:39:03","slug":"expo-voitures","status":"publish","type":"page","link":"https:\/\/chateau-formont.com\/index.php\/expo-voitures\/","title":{"rendered":"Expo Voitures"},"content":{"rendered":"\t\t<div data-elementor-type=\"wp-page\" data-elementor-id=\"16205\" class=\"elementor elementor-16205\">\n\t\t\t\t<div class=\"elementor-element elementor-element-9835519 e-flex e-con-boxed e-con e-parent\" data-id=\"9835519\" data-element_type=\"container\" data-e-type=\"container\">\n\t\t\t\t\t<div class=\"e-con-inner\">\n\t\t\t\t<div class=\"elementor-element elementor-element-4cb9976 elementor-widget elementor-widget-heading\" data-id=\"4cb9976\" data-element_type=\"widget\" data-e-type=\"widget\" data-widget_type=\"heading.default\">\n\t\t\t\t<div class=\"elementor-widget-container\">\n\t\t\t\t\t<h2 class=\"elementor-heading-title elementor-size-default\">EXPOSITION VOITURES\n<br> Dimanche 14 juin 2026<\/h2>\t\t\t\t<\/div>\n\t\t\t\t<\/div>\n\t\t\t\t<div class=\"elementor-element elementor-element-2d915cb elementor-widget-divider--view-line elementor-widget elementor-widget-divider\" data-id=\"2d915cb\" data-element_type=\"widget\" data-e-type=\"widget\" data-widget_type=\"divider.default\">\n\t\t\t\t<div class=\"elementor-widget-container\">\n\t\t\t\t\t\t\t<div class=\"elementor-divider\">\n\t\t\t<span class=\"elementor-divider-separator\">\n\t\t\t\t\t\t<\/span>\n\t\t<\/div>\n\t\t\t\t\t\t<\/div>\n\t\t\t\t<\/div>\n\t\t\t\t\t<\/div>\n\t\t\t\t<\/div>\n\t\t<div class=\"elementor-element elementor-element-d226130 e-flex e-con-boxed e-con e-parent\" data-id=\"d226130\" data-element_type=\"container\" data-e-type=\"container\">\n\t\t\t\t\t<div class=\"e-con-inner\">\n\t\t<div class=\"elementor-element elementor-element-53f72be e-con-full e-flex e-con e-child\" data-id=\"53f72be\" data-element_type=\"container\" data-e-type=\"container\">\n\t\t\t\t<div class=\"elementor-element elementor-element-ca1ea0e elementor-widget elementor-widget-image\" data-id=\"ca1ea0e\" data-element_type=\"widget\" data-e-type=\"widget\" data-widget_type=\"image.default\">\n\t\t\t\t<div class=\"elementor-widget-container\">\n\t\t\t\t\t\t\t\t\t\t\t\t\t\t\t<img fetchpriority=\"high\" decoding=\"async\" width=\"768\" height=\"960\" src=\"https:\/\/chateau-formont.com\/wp-content\/uploads\/2026\/04\/Post-Insta-rassemblement.png\" class=\"attachment-medium_large size-medium_large wp-image-16211\" alt=\"Ch\u00e2teau Formont Ambar\u00e8s-et-Lagrave exposition voiture rassemblement\" srcset=\"https:\/\/chateau-formont.com\/wp-content\/uploads\/2026\/04\/Post-Insta-rassemblement.png 1080w, https:\/\/chateau-formont.com\/wp-content\/uploads\/2026\/04\/Post-Insta-rassemblement-240x300.png 240w, https:\/\/chateau-formont.com\/wp-content\/uploads\/2026\/04\/Post-Insta-rassemblement-819x1024.png 819w\" sizes=\"(max-width: 768px) 100vw, 768px\" \/>\t\t\t\t\t\t\t\t\t\t\t\t\t\t\t<\/div>\n\t\t\t\t<\/div>\n\t\t\t\t<\/div>\n\t\t<div class=\"elementor-element elementor-element-eba278a e-con-full e-flex e-con e-child\" data-id=\"eba278a\" data-element_type=\"container\" data-e-type=\"container\">\n\t\t\t\t<div class=\"elementor-element elementor-element-25ee6cf elementor-widget elementor-widget-text-editor\" data-id=\"25ee6cf\" data-element_type=\"widget\" data-e-type=\"widget\" data-widget_type=\"text-editor.default\">\n\t\t\t\t<div class=\"elementor-widget-container\">\n\t\t\t\t\t\t\t\t\t<p>Dimanche 14 juin de 10h \u00e0 18h, plongez dans un univers d\u2019\u00e9l\u00e9gance et de passion automobile lors d\u2019un \u00e9v\u00e9nement unique au Ch\u00e2teau Formont. <br \/>Le temps d\u2019une journ\u00e9e, venez admirer une s\u00e9lection exceptionnelle de v\u00e9hicules de prestige et de voitures anciennes dans le beau cadre du ch\u00e2teau Formont. L&rsquo;entr\u00e9e est libre.\u00a0<\/p>\t\t\t\t\t\t\t\t<\/div>\n\t\t\t\t<\/div>\n\t\t\t\t<\/div>\n\t\t\t\t\t<\/div>\n\t\t\t\t<\/div>\n\t\t\t\t<section class=\"elementor-section elementor-top-section elementor-element elementor-element-3d096cc elementor-section-boxed elementor-section-height-default elementor-section-height-default\" data-id=\"3d096cc\" data-element_type=\"section\" data-e-type=\"section\">\n\t\t\t\t\t\t<div class=\"elementor-container elementor-column-gap-default\">\n\t\t\t\t\t<div class=\"elementor-column elementor-col-100 elementor-top-column elementor-element elementor-element-501b3517\" data-id=\"501b3517\" data-element_type=\"column\" data-e-type=\"column\">\n\t\t\t<div class=\"elementor-widget-wrap elementor-element-populated\">\n\t\t\t\t\t\t<div class=\"elementor-element elementor-element-52419ee6 elementor-widget elementor-widget-hub_fancy_heading\" data-id=\"52419ee6\" data-element_type=\"widget\" data-e-type=\"widget\" data-widget_type=\"hub_fancy_heading.default\">\n\t\t\t\t<div class=\"elementor-widget-container\">\n\t\t\t\t\t\n\t\t<div id=\"ld-fancy-heading-69f1edb579d94\" class=\"ld-fancy-heading pos-rel\">\n\t\t\t<h2 class=\"ld-fh-element d-inline-block pos-rel  elementor-heading-title lqd-highlight-classic lqd-highlight-grow-left h2\"  > Envie d'exposer ? <\/h2>\t\t<\/div>\n\n\t\t\t\t\t\t<\/div>\n\t\t\t\t<\/div>\n\t\t\t\t<section class=\"elementor-section elementor-inner-section elementor-element elementor-element-52ceda74 elementor-section-content-middle elementor-section-boxed elementor-section-height-default elementor-section-height-default\" data-id=\"52ceda74\" data-element_type=\"section\" data-e-type=\"section\">\n\t\t\t\t\t\t<div class=\"elementor-container elementor-column-gap-default\">\n\t\t\t\t\t<div class=\"elementor-column elementor-col-100 elementor-inner-column elementor-element elementor-element-7dbcb1aa\" data-id=\"7dbcb1aa\" data-element_type=\"column\" data-e-type=\"column\">\n\t\t\t<div class=\"elementor-widget-wrap elementor-element-populated\">\n\t\t\t\t\t\t<div class=\"elementor-element elementor-element-1e551e6a elementor-widget elementor-widget-hub_fancy_heading\" data-id=\"1e551e6a\" data-element_type=\"widget\" data-e-type=\"widget\" data-widget_type=\"hub_fancy_heading.default\">\n\t\t\t\t<div class=\"elementor-widget-container\">\n\t\t\t\t\t\n\t\t<div id=\"ld-fancy-heading-69f1edb57a405\" class=\"ld-fancy-heading pos-rel\">\n\t\t\t<p class=\"ld-fh-element d-inline-block pos-rel  lqd-highlight-classic lqd-highlight-grow-left p\"  > Les places sont limit\u00e9es. Pour candidater, contacter :  marion.laroche@hollor.fr<\/p>\t\t<\/div>\n\n\t\t\t\t\t\t<\/div>\n\t\t\t\t<\/div>\n\t\t\t\t\t<\/div>\n\t\t<\/div>\n\t\t\t\t\t<\/div>\n\t\t<\/section>\n\t\t\t\t\t<\/div>\n\t\t<\/div>\n\t\t\t\t\t<\/div>\n\t\t<\/section>\n\t\t\t\t<section class=\"elementor-section elementor-top-section elementor-element elementor-element-2fa6ae8d elementor-section-content-middle elementor-section-boxed elementor-section-height-default elementor-section-height-default\" data-id=\"2fa6ae8d\" data-element_type=\"section\" data-e-type=\"section\">\n\t\t\t\t\t\t<div class=\"elementor-container elementor-column-gap-default\">\n\t\t\t\t\t<div class=\"lqd-css-sticky-column elementor-column elementor-col-50 elementor-top-column elementor-element elementor-element-b961a55\" style=\"--lqd-sticky-offset:30px\" data-id=\"b961a55\" data-element_type=\"column\" data-e-type=\"column\">\n\t\t\t<div class=\"elementor-widget-wrap elementor-element-populated\">\n\t\t\t\t\t\t<div class=\"elementor-element elementor-element-6471ddef elementor-widget elementor-widget-hub_fancy_heading\" data-id=\"6471ddef\" data-element_type=\"widget\" data-e-type=\"widget\" data-widget_type=\"hub_fancy_heading.default\">\n\t\t\t\t<div class=\"elementor-widget-container\">\n\t\t\t\t\t\n\t\t<div id=\"ld-fancy-heading-69f1edb57a97e\" class=\"ld-fancy-heading pos-rel\">\n\t\t\t<h2 class=\"ld-fh-element d-inline-block pos-rel  elementor-heading-title lqd-highlight-classic lqd-highlight-grow-left lqd-highlight-reset-onhover h2\"  > Un \u00e9v\u00e9nement pour tous les passionn\u00e9s<\/h2>\t\t<\/div>\n\n\t\t\t\t\t\t<\/div>\n\t\t\t\t<\/div>\n\t\t\t\t<div class=\"elementor-element elementor-element-58cf7d8f elementor-widget elementor-widget-hub_fancy_heading\" data-id=\"58cf7d8f\" data-element_type=\"widget\" data-e-type=\"widget\" data-widget_type=\"hub_fancy_heading.default\">\n\t\t\t\t<div class=\"elementor-widget-container\">\n\t\t\t\t\t\n\t\t<div id=\"ld-fancy-heading-69f1edb57af1d\" class=\"ld-fancy-heading pos-rel\">\n\t\t\t<p class=\"ld-fh-element d-inline-block pos-rel  lqd-highlight-classic lqd-highlight-grow-left p\"  > Que vous soyez amateur de belles m\u00e9caniques, collectionneur ou simplement curieux, ce rassemblement est l\u2019occasion id\u00e9ale pour d\u00e9couvrir des v\u00e9hicules d\u2019exception, \u00e9changer avec leurs propri\u00e9taires et partager une passion commune.<\/p>\t\t<\/div>\n\n\t\t\t\t\t\t<\/div>\n\t\t\t\t<\/div>\n\t\t\t\t\t<\/div>\n\t\t<\/div>\n\t\t\t\t<div class=\"elementor-column elementor-col-50 elementor-top-column elementor-element elementor-element-406c59f7\" data-id=\"406c59f7\" data-element_type=\"column\" data-e-type=\"column\">\n\t\t\t<div class=\"elementor-widget-wrap elementor-element-populated\">\n\t\t\t\t\t\t<section class=\"elementor-section elementor-inner-section elementor-element elementor-element-6e2b059 elementor-section-content-middle elementor-section-boxed elementor-section-height-default elementor-section-height-default\" data-id=\"6e2b059\" data-element_type=\"section\" data-e-type=\"section\">\n\t\t\t\t\t\t<div class=\"elementor-container elementor-column-gap-wide\">\n\t\t\t\t\t<div class=\"elementor-column elementor-col-50 elementor-inner-column elementor-element elementor-element-77b67005\" data-id=\"77b67005\" data-element_type=\"column\" data-e-type=\"column\">\n\t\t\t<div class=\"elementor-widget-wrap elementor-element-populated\">\n\t\t\t\t\t\t<div class=\"elementor-element elementor-element-2b6db073 elementor-align-center elementor-align-left elementor-widget elementor-widget-ld_icon_box\" data-id=\"2b6db073\" data-element_type=\"widget\" data-e-type=\"widget\" data-widget_type=\"ld_icon_box.default\">\n\t\t\t\t<div class=\"elementor-widget-container\">\n\t\t\t\t\t\n\t\t\t<div id=\"ld_icon_box_2b6db073\" class=\"iconbox d-flex flex-grow-1 pos-rel flex-column iconbox-default iconbox-contents-show-onhover\"   data-slideelement-onhover=\"true\" data-slideelement-options='{ \"visibleElement\": \".iconbox-icon-wrap, p, h3\", \"hiddenElement\": \".btn\", \"alignMid\": true, \"triggerElement\": \".elementor-widget-container\" }'>\n\n\t\t\t\t\n\t\t\t\t<div class=\"iconbox-icon-wrap  \"><div class=\"iconbox-icon-container d-inline-flex   \"><img decoding=\"async\" src=\"https:\/\/chateau-formont.com\/wp-content\/uploads\/2026\/04\/2370264.png\" class=\"lqd-image-icon\" alt=\"Au programme\" \/><\/div><\/div>\n\t\t\t\t<h3 class=\"lqd-iconbox-heading \" >Au programme <\/h3>\n\t\t\t\t<div class=\"contents \">\n\t\t\t\t\n\t\t\t\t\t\t\t\t<p>- Exposition de voitures de prestige et de collection <br>\n- Villages exposants  <br>\n- Pr\u00e9sence de cr\u00e9ateurs <br>\n- Diffusion en direct des 24h du Mans  <br>\n- Espace restauration et d\u00e9tente<\/p>\n\t\t\t\t\n\t\t\t\t<\/div>\n\t\t\t\t\n\t\t\t<\/div>\n\n\t\t\t\t\t\t<\/div>\n\t\t\t\t<\/div>\n\t\t\t\t<div class=\"elementor-element elementor-element-5d31949d elementor-align-center elementor-align-left elementor-widget elementor-widget-ld_icon_box\" data-id=\"5d31949d\" data-element_type=\"widget\" data-e-type=\"widget\" data-widget_type=\"ld_icon_box.default\">\n\t\t\t\t<div class=\"elementor-widget-container\">\n\t\t\t\t\t\n\t\t\t<div id=\"ld_icon_box_5d31949d\" class=\"iconbox d-flex flex-grow-1 pos-rel flex-column iconbox-default iconbox-contents-show-onhover\"   data-slideelement-onhover=\"true\" data-slideelement-options='{ \"visibleElement\": \".iconbox-icon-wrap, p, h3\", \"hiddenElement\": \".btn\", \"alignMid\": true, \"triggerElement\": \".elementor-widget-container\" }'>\n\n\t\t\t\t\n\t\t\t\t<div class=\"iconbox-icon-wrap  \"><div class=\"iconbox-icon-container d-inline-flex   \"><img decoding=\"async\" src=\"https:\/\/chateau-formont.com\/wp-content\/uploads\/2026\/04\/2361746.png\" class=\"lqd-image-icon\" alt=\"Partenaires\" \/><\/div><\/div>\n\t\t\t\t<h3 class=\"lqd-iconbox-heading \" >Partenaires <\/h3>\n\t\t\t\t<div class=\"contents \">\n\t\t\t\t\n\t\t\t\t\t\t\t\t<p>Cet \u00e9v\u00e9nement est organis\u00e9 avec la participation de passionn\u00e9s et partenaires du monde automobile, contribuant \u00e0 faire de cette journ\u00e9e un moment inoubliable.<\/p>\n\t\t\t\t\n\t\t\t\t<\/div>\n\t\t\t\t\n\t\t\t<\/div>\n\n\t\t\t\t\t\t<\/div>\n\t\t\t\t<\/div>\n\t\t\t\t\t<\/div>\n\t\t<\/div>\n\t\t\t\t<div class=\"elementor-column elementor-col-50 elementor-inner-column elementor-element elementor-element-325a3b53\" data-id=\"325a3b53\" data-element_type=\"column\" data-e-type=\"column\">\n\t\t\t<div class=\"elementor-widget-wrap elementor-element-populated\">\n\t\t\t\t\t\t<div class=\"elementor-element elementor-element-523c7887 elementor-align-center elementor-align-left elementor-widget elementor-widget-ld_icon_box\" data-id=\"523c7887\" data-element_type=\"widget\" data-e-type=\"widget\" data-widget_type=\"ld_icon_box.default\">\n\t\t\t\t<div class=\"elementor-widget-container\">\n\t\t\t\t\t\n\t\t\t<div id=\"ld_icon_box_523c7887\" class=\"iconbox d-flex flex-grow-1 pos-rel flex-column iconbox-default iconbox-contents-show-onhover\"   data-slideelement-onhover=\"true\" data-slideelement-options='{ \"visibleElement\": \".iconbox-icon-wrap, p, h3\", \"hiddenElement\": \".btn\", \"alignMid\": true, \"triggerElement\": \".elementor-widget-container\" }'>\n\n\t\t\t\t\n\t\t\t\t<div class=\"iconbox-icon-wrap  \"><div class=\"iconbox-icon-container d-inline-flex   \"><img decoding=\"async\" src=\"https:\/\/chateau-formont.com\/wp-content\/uploads\/2026\/04\/3280084.png\" class=\"lqd-image-icon\" alt=\"D\u00e9tente &amp; Convivialit\u00e9\" \/><\/div><\/div>\n\t\t\t\t<h3 class=\"lqd-iconbox-heading \" >D\u00e9tente &amp; Convivialit\u00e9 <\/h3>\n\t\t\t\t<div class=\"contents \">\n\t\t\t\t\n\t\t\t\t\t\t\t\t<p>Profitez d\u2019un espace d\u00e9di\u00e9 pour vous restaurer et vous relaxer tout au long de la journ\u00e9e dans une ambiance chaleureuse et familiale.<\/p>\n\t\t\t\t\n\t\t\t\t<\/div>\n\t\t\t\t\n\t\t\t<\/div>\n\n\t\t\t\t\t\t<\/div>\n\t\t\t\t<\/div>\n\t\t\t\t\t<\/div>\n\t\t<\/div>\n\t\t\t\t\t<\/div>\n\t\t<\/section>\n\t\t\t\t\t<\/div>\n\t\t<\/div>\n\t\t\t\t\t<\/div>\n\t\t<\/section>\n\t\t<div class=\"elementor-element elementor-element-cc5d15e e-flex e-con-boxed e-con e-parent\" data-id=\"cc5d15e\" data-element_type=\"container\" data-e-type=\"container\">\n\t\t\t\t\t<div class=\"e-con-inner\">\n\t\t\t\t<div class=\"elementor-element elementor-element-6092bcc elementor-widget elementor-widget-heading\" data-id=\"6092bcc\" data-element_type=\"widget\" data-e-type=\"widget\" data-widget_type=\"heading.default\">\n\t\t\t\t<div class=\"elementor-widget-container\">\n\t\t\t\t\t<h2 class=\"elementor-heading-title elementor-size-default\">Entr\u00e9e libre \u2013 Venez nombreux partager cette passion !<\/h2>\t\t\t\t<\/div>\n\t\t\t\t<\/div>\n\t\t\t\t<div class=\"elementor-element elementor-element-12ac769 elementor-widget-divider--view-line elementor-widget elementor-widget-divider\" data-id=\"12ac769\" data-element_type=\"widget\" data-e-type=\"widget\" data-widget_type=\"divider.default\">\n\t\t\t\t<div class=\"elementor-widget-container\">\n\t\t\t\t\t\t\t<div class=\"elementor-divider\">\n\t\t\t<span class=\"elementor-divider-separator\">\n\t\t\t\t\t\t<\/span>\n\t\t<\/div>\n\t\t\t\t\t\t<\/div>\n\t\t\t\t<\/div>\n\t\t\t\t<div class=\"elementor-element elementor-element-00aa2ad elementor-widget elementor-widget-heading\" data-id=\"00aa2ad\" data-element_type=\"widget\" data-e-type=\"widget\" data-widget_type=\"heading.default\">\n\t\t\t\t<div class=\"elementor-widget-container\">\n\t\t\t\t\t<h2 class=\"elementor-heading-title elementor-size-default\">Nos partenaires<\/h2>\t\t\t\t<\/div>\n\t\t\t\t<\/div>\n\t\t\t\t\t<\/div>\n\t\t\t\t<\/div>\n\t\t<div class=\"elementor-element elementor-element-265cb8f e-flex e-con-boxed e-con e-parent\" data-id=\"265cb8f\" data-element_type=\"container\" data-e-type=\"container\">\n\t\t\t\t\t<div class=\"e-con-inner\">\n\t\t<div class=\"elementor-element elementor-element-8460231 e-con-full e-flex e-con e-child\" data-id=\"8460231\" data-element_type=\"container\" data-e-type=\"container\">\n\t\t\t\t<div class=\"elementor-element elementor-element-5d19e6d elementor-widget elementor-widget-image\" data-id=\"5d19e6d\" data-element_type=\"widget\" data-e-type=\"widget\" data-widget_type=\"image.default\">\n\t\t\t\t<div class=\"elementor-widget-container\">\n\t\t\t\t\t\t\t\t\t\t\t\t\t\t\t\t<a href=\"https:\/\/www.facebook.com\/p\/Road-trip-Aquitaine-61564919894159\/\" target=\"_blank\">\n\t\t\t\t\t\t\t<img decoding=\"async\" width=\"780\" height=\"780\" src=\"data:image\/svg+xml;charset=utf-8,%3Csvg xmlns%3D&#039;http%3A%2F%2Fwww.w3.org%2F2000%2Fsvg&#039; viewBox%3D&#039;0 0 1024 1024&#039;%2F%3E\" class=\"attachment-large size-large wp-image-16240 ld-lazyload\" alt=\"Ch\u00e2teau Formont Ambar\u00e8s-et-Lagrave exposition voiture rassemblement Road trip Aquitaine\" data-src=\"https:\/\/chateau-formont.com\/wp-content\/uploads\/2026\/04\/WhatsApp-Image-2026-04-14-at-15.09.01-1024x1024.jpeg\" data-srcset=\"https:\/\/chateau-formont.com\/wp-content\/uploads\/2026\/04\/WhatsApp-Image-2026-04-14-at-15.09.01-1024x1024.jpeg 1024w, https:\/\/chateau-formont.com\/wp-content\/uploads\/2026\/04\/WhatsApp-Image-2026-04-14-at-15.09.01-300x300.jpeg 300w, https:\/\/chateau-formont.com\/wp-content\/uploads\/2026\/04\/WhatsApp-Image-2026-04-14-at-15.09.01-150x150.jpeg 150w, https:\/\/chateau-formont.com\/wp-content\/uploads\/2026\/04\/WhatsApp-Image-2026-04-14-at-15.09.01-1536x1536.jpeg 1536w, https:\/\/chateau-formont.com\/wp-content\/uploads\/2026\/04\/WhatsApp-Image-2026-04-14-at-15.09.01-320x320.jpeg 320w, https:\/\/chateau-formont.com\/wp-content\/uploads\/2026\/04\/WhatsApp-Image-2026-04-14-at-15.09.01-760x760.jpeg 760w, https:\/\/chateau-formont.com\/wp-content\/uploads\/2026\/04\/WhatsApp-Image-2026-04-14-at-15.09.01.jpeg 1600w\" data-sizes=\"(max-width: 780px) 100vw, 780px\" data-aspect=\"1\" \/>\t\t\t\t\t\t\t\t<\/a>\n\t\t\t\t\t\t\t\t\t\t\t\t\t\t\t<\/div>\n\t\t\t\t<\/div>\n\t\t\t\t<\/div>\n\t\t<div class=\"elementor-element elementor-element-cfa7e72 e-con-full e-flex e-con e-child\" data-id=\"cfa7e72\" data-element_type=\"container\" data-e-type=\"container\">\n\t\t\t\t<div class=\"elementor-element elementor-element-adc46ef elementor-widget elementor-widget-image\" data-id=\"adc46ef\" data-element_type=\"widget\" data-e-type=\"widget\" data-widget_type=\"image.default\">\n\t\t\t\t<div class=\"elementor-widget-container\">\n\t\t\t\t\t\t\t\t\t\t\t\t\t\t\t\t<a href=\"https:\/\/www.esprit4roues.com\/\" target=\"_blank\">\n\t\t\t\t\t\t\t<img decoding=\"async\" width=\"628\" height=\"371\" src=\"data:image\/svg+xml;charset=utf-8,%3Csvg xmlns%3D&#039;http%3A%2F%2Fwww.w3.org%2F2000%2Fsvg&#039; viewBox%3D&#039;0 0 628 371&#039;%2F%3E\" class=\"attachment-large size-large wp-image-16254 ld-lazyload\" alt=\"h\u00e2teau Formont Ambar\u00e8s-et-Lagrave exposition voiture rassemblement\" data-src=\"https:\/\/chateau-formont.com\/wp-content\/uploads\/2026\/04\/Capture-decran-2026-04-14-152425.png\" data-srcset=\"https:\/\/chateau-formont.com\/wp-content\/uploads\/2026\/04\/Capture-decran-2026-04-14-152425.png 628w, https:\/\/chateau-formont.com\/wp-content\/uploads\/2026\/04\/Capture-decran-2026-04-14-152425-300x177.png 300w\" data-sizes=\"(max-width: 628px) 100vw, 628px\" data-aspect=\"1.6927223719677\" \/>\t\t\t\t\t\t\t\t<\/a>\n\t\t\t\t\t\t\t\t\t\t\t\t\t\t\t<\/div>\n\t\t\t\t<\/div>\n\t\t\t\t<\/div>\n\t\t<div class=\"elementor-element elementor-element-09ab9b8 e-con-full e-flex e-con e-child\" data-id=\"09ab9b8\" data-element_type=\"container\" data-e-type=\"container\">\n\t\t\t\t<div class=\"elementor-element elementor-element-2831b20 elementor-widget elementor-widget-image\" data-id=\"2831b20\" data-element_type=\"widget\" data-e-type=\"widget\" data-widget_type=\"image.default\">\n\t\t\t\t<div class=\"elementor-widget-container\">\n\t\t\t\t\t\t\t\t\t\t\t\t\t\t\t\t<a href=\"https:\/\/www.ffve.org\/\" target=\"_blank\">\n\t\t\t\t\t\t\t<img loading=\"lazy\" decoding=\"async\" width=\"442\" height=\"478\" src=\"data:image\/svg+xml;charset=utf-8,%3Csvg xmlns%3D&#039;http%3A%2F%2Fwww.w3.org%2F2000%2Fsvg&#039; viewBox%3D&#039;0 0 442 478&#039;%2F%3E\" class=\"attachment-large size-large wp-image-16255 ld-lazyload\" alt=\"h\u00e2teau Formont Ambar\u00e8s-et-Lagrave exposition voiture rassemblement\" data-src=\"https:\/\/chateau-formont.com\/wp-content\/uploads\/2026\/04\/Capture-decran-2026-04-14-151029-1.png\" data-srcset=\"https:\/\/chateau-formont.com\/wp-content\/uploads\/2026\/04\/Capture-decran-2026-04-14-151029-1.png 442w, https:\/\/chateau-formont.com\/wp-content\/uploads\/2026\/04\/Capture-decran-2026-04-14-151029-1-277x300.png 277w\" data-sizes=\"(max-width: 442px) 100vw, 442px\" data-aspect=\"0.92468619246862\" \/>\t\t\t\t\t\t\t\t<\/a>\n\t\t\t\t\t\t\t\t\t\t\t\t\t\t\t<\/div>\n\t\t\t\t<\/div>\n\t\t\t\t<\/div>\n\t\t\t\t\t<\/div>\n\t\t\t\t<\/div>\n\t\t\t\t<\/div>\n\t\t","protected":false},"excerpt":{"rendered":"<p>EXPOSITION VOITURES Dimanche 14 juin 2026 Dimanche 14 juin de 10h \u00e0 18h, plongez dans un univers d\u2019\u00e9l\u00e9gance et de passion automobile lors d\u2019un \u00e9v\u00e9nement unique au Ch\u00e2teau Formont. Le temps d\u2019une journ\u00e9e, venez admirer une s\u00e9lection exceptionnelle de v\u00e9hicules de prestige et de voitures anciennes dans le beau cadre du ch\u00e2teau Formont. L&rsquo;entr\u00e9e est [&hellip;]<\/p>\n","protected":false},"author":1,"featured_media":0,"parent":0,"menu_order":0,"comment_status":"closed","ping_status":"closed","template":"","meta":{"footnotes":""},"class_list":["post-16205","page","type-page","status-publish","hentry"],"yoast_head":"<!-- This site is optimized with the Yoast SEO plugin v21.4 - https:\/\/yoast.com\/wordpress\/plugins\/seo\/ -->\n<title>Expo Voitures - Ch\u00e2teau Formont<\/title>\n<meta name=\"robots\" content=\"index, follow, max-snippet:-1, max-image-preview:large, max-video-preview:-1\" \/>\n<link rel=\"canonical\" href=\"https:\/\/chateau-formont.com\/index.php\/expo-voitures\/\" \/>\n<meta property=\"og:locale\" content=\"fr_FR\" \/>\n<meta property=\"og:type\" content=\"article\" \/>\n<meta property=\"og:title\" content=\"Expo Voitures - Ch\u00e2teau Formont\" \/>\n<meta property=\"og:description\" content=\"EXPOSITION VOITURES Dimanche 14 juin 2026 Dimanche 14 juin de 10h \u00e0 18h, plongez dans un univers d\u2019\u00e9l\u00e9gance et de passion automobile lors d\u2019un \u00e9v\u00e9nement unique au Ch\u00e2teau Formont. Le temps d\u2019une journ\u00e9e, venez admirer une s\u00e9lection exceptionnelle de v\u00e9hicules de prestige et de voitures anciennes dans le beau cadre du ch\u00e2teau Formont. L&rsquo;entr\u00e9e est [&hellip;]\" \/>\n<meta property=\"og:url\" content=\"https:\/\/chateau-formont.com\/index.php\/expo-voitures\/\" \/>\n<meta property=\"og:site_name\" content=\"Ch\u00e2teau Formont\" \/>\n<meta property=\"article:modified_time\" content=\"2026-04-20T12:39:03+00:00\" \/>\n<meta property=\"og:image\" content=\"https:\/\/chateau-formont.com\/wp-content\/uploads\/2026\/04\/Post-Insta-rassemblement.png\" \/>\n<meta name=\"twitter:card\" content=\"summary_large_image\" \/>\n<meta name=\"twitter:label1\" content=\"Dur\u00e9e de lecture estim\u00e9e\" \/>\n\t<meta name=\"twitter:data1\" content=\"3 minutes\" \/>\n<script type=\"application\/ld+json\" class=\"yoast-schema-graph\">{\"@context\":\"https:\/\/schema.org\",\"@graph\":[{\"@type\":\"WebPage\",\"@id\":\"https:\/\/chateau-formont.com\/index.php\/expo-voitures\/\",\"url\":\"https:\/\/chateau-formont.com\/index.php\/expo-voitures\/\",\"name\":\"Expo Voitures - Ch\u00e2teau Formont\",\"isPartOf\":{\"@id\":\"https:\/\/chateau-formont.com\/#website\"},\"datePublished\":\"2026-04-14T12:24:28+00:00\",\"dateModified\":\"2026-04-20T12:39:03+00:00\",\"breadcrumb\":{\"@id\":\"https:\/\/chateau-formont.com\/index.php\/expo-voitures\/#breadcrumb\"},\"inLanguage\":\"fr-FR\",\"potentialAction\":[{\"@type\":\"ReadAction\",\"target\":[\"https:\/\/chateau-formont.com\/index.php\/expo-voitures\/\"]}]},{\"@type\":\"BreadcrumbList\",\"@id\":\"https:\/\/chateau-formont.com\/index.php\/expo-voitures\/#breadcrumb\",\"itemListElement\":[{\"@type\":\"ListItem\",\"position\":1,\"name\":\"Accueil\",\"item\":\"https:\/\/chateau-formont.com\/\"},{\"@type\":\"ListItem\",\"position\":2,\"name\":\"Expo Voitures\"}]},{\"@type\":\"WebSite\",\"@id\":\"https:\/\/chateau-formont.com\/#website\",\"url\":\"https:\/\/chateau-formont.com\/\",\"name\":\"Ch\u00e2teau Formont\",\"description\":\"Un lieu unique \u00e0 Ambar\u00e8s-et-Lagrave\",\"potentialAction\":[{\"@type\":\"SearchAction\",\"target\":{\"@type\":\"EntryPoint\",\"urlTemplate\":\"https:\/\/chateau-formont.com\/?s={search_term_string}\"},\"query-input\":\"required name=search_term_string\"}],\"inLanguage\":\"fr-FR\"}]}<\/script>\n<!-- \/ Yoast SEO plugin. -->","yoast_head_json":{"title":"Expo Voitures - Ch\u00e2teau Formont","robots":{"index":"index","follow":"follow","max-snippet":"max-snippet:-1","max-image-preview":"max-image-preview:large","max-video-preview":"max-video-preview:-1"},"canonical":"https:\/\/chateau-formont.com\/index.php\/expo-voitures\/","og_locale":"fr_FR","og_type":"article","og_title":"Expo Voitures - Ch\u00e2teau Formont","og_description":"EXPOSITION VOITURES Dimanche 14 juin 2026 Dimanche 14 juin de 10h \u00e0 18h, plongez dans un univers d\u2019\u00e9l\u00e9gance et de passion automobile lors d\u2019un \u00e9v\u00e9nement unique au Ch\u00e2teau Formont. Le temps d\u2019une journ\u00e9e, venez admirer une s\u00e9lection exceptionnelle de v\u00e9hicules de prestige et de voitures anciennes dans le beau cadre du ch\u00e2teau Formont. L&rsquo;entr\u00e9e est [&hellip;]","og_url":"https:\/\/chateau-formont.com\/index.php\/expo-voitures\/","og_site_name":"Ch\u00e2teau Formont","article_modified_time":"2026-04-20T12:39:03+00:00","og_image":[{"url":"https:\/\/chateau-formont.com\/wp-content\/uploads\/2026\/04\/Post-Insta-rassemblement.png"}],"twitter_card":"summary_large_image","twitter_misc":{"Dur\u00e9e de lecture estim\u00e9e":"3 minutes"},"schema":{"@context":"https:\/\/schema.org","@graph":[{"@type":"WebPage","@id":"https:\/\/chateau-formont.com\/index.php\/expo-voitures\/","url":"https:\/\/chateau-formont.com\/index.php\/expo-voitures\/","name":"Expo Voitures - Ch\u00e2teau Formont","isPartOf":{"@id":"https:\/\/chateau-formont.com\/#website"},"datePublished":"2026-04-14T12:24:28+00:00","dateModified":"2026-04-20T12:39:03+00:00","breadcrumb":{"@id":"https:\/\/chateau-formont.com\/index.php\/expo-voitures\/#breadcrumb"},"inLanguage":"fr-FR","potentialAction":[{"@type":"ReadAction","target":["https:\/\/chateau-formont.com\/index.php\/expo-voitures\/"]}]},{"@type":"BreadcrumbList","@id":"https:\/\/chateau-formont.com\/index.php\/expo-voitures\/#breadcrumb","itemListElement":[{"@type":"ListItem","position":1,"name":"Accueil","item":"https:\/\/chateau-formont.com\/"},{"@type":"ListItem","position":2,"name":"Expo Voitures"}]},{"@type":"WebSite","@id":"https:\/\/chateau-formont.com\/#website","url":"https:\/\/chateau-formont.com\/","name":"Ch\u00e2teau Formont","description":"Un lieu unique \u00e0 Ambar\u00e8s-et-Lagrave","potentialAction":[{"@type":"SearchAction","target":{"@type":"EntryPoint","urlTemplate":"https:\/\/chateau-formont.com\/?s={search_term_string}"},"query-input":"required name=search_term_string"}],"inLanguage":"fr-FR"}]}},"_links":{"self":[{"href":"https:\/\/chateau-formont.com\/index.php\/wp-json\/wp\/v2\/pages\/16205","targetHints":{"allow":["GET"]}}],"collection":[{"href":"https:\/\/chateau-formont.com\/index.php\/wp-json\/wp\/v2\/pages"}],"about":[{"href":"https:\/\/chateau-formont.com\/index.php\/wp-json\/wp\/v2\/types\/page"}],"author":[{"embeddable":true,"href":"https:\/\/chateau-formont.com\/index.php\/wp-json\/wp\/v2\/users\/1"}],"replies":[{"embeddable":true,"href":"https:\/\/chateau-formont.com\/index.php\/wp-json\/wp\/v2\/comments?post=16205"}],"version-history":[{"count":43,"href":"https:\/\/chateau-formont.com\/index.php\/wp-json\/wp\/v2\/pages\/16205\/revisions"}],"predecessor-version":[{"id":16277,"href":"https:\/\/chateau-formont.com\/index.php\/wp-json\/wp\/v2\/pages\/16205\/revisions\/16277"}],"wp:attachment":[{"href":"https:\/\/chateau-formont.com\/index.php\/wp-json\/wp\/v2\/media?parent=16205"}],"curies":[{"name":"wp","href":"https:\/\/api.w.org\/{rel}","templated":true}]}}